{"id":573,"date":"2020-05-22T09:47:20","date_gmt":"2020-05-22T09:47:20","guid":{"rendered":"http:\/\/forumezdrowia.pl\/info\/?post_type=aktualnosc&#038;p=573"},"modified":"2021-03-19T13:28:21","modified_gmt":"2021-03-19T11:28:21","slug":"integracja-opieki-glupcze","status":"publish","type":"opinie","link":"http:\/\/forumezdrowia.pl\/info\/opinie\/integracja-opieki-glupcze\/","title":{"rendered":"Integracja opieki, g\u0142upcze!"},"content":{"rendered":"\n<p>Wi\u0119kszo\u015b\u0107 czytelnik\u00f3w najpewniej pomi\u0119ta s\u0142ynne Clintonowskie has\u0142o ze zwyci\u0119skich dla niego w 1992 roku wybor\u00f3w prezydenckich \u201eIt\u2019s the economy, stupid\u201d, &nbsp;t\u0142umaczone najcz\u0119\u015bciej jako \u201eGospodarka, g\u0142upcze!\u201d. Wskazuje si\u0119 cz\u0119sto, \u017ce przyj\u0119cie wyra\u017anego i istotnego dla ameryka\u0144skiego spo\u0142ecze\u0144stwa celu, jakim by\u0142o d\u017awigni\u0119cie gospodarki po zako\u0144czeniu \u201ezimnej wojny\u201d, sta\u0142o si\u0119 istotnym argumentem zach\u0119caj\u0105cych Amerykan\u00f3w do wyboru 42. prezydenta USA. &nbsp;Co z tego wynika dla proces\u00f3w transformacji opieki zdrowotnej?<\/p>\n\n\n\n<p>Po kilkudziesi\u0119ciu latach zaanga\u017cowania w funkcjonowanie polskiego systemu zdrowia w r\u00f3\u017cnych jego projektach, obszarach i rolach, obserwacji zmian zachodz\u0105cych w wielu krajach oraz wsp\u00f3\u0142organizacji w 2015 roku Pomorskiego Partnerstwa na rzecz Zintegrowanej Opieki Zdrowotnej, &nbsp;sk\u0142aniam si\u0119 ku tezie, \u017ce obecnie w zasadzie nikt nie neguje warto\u015bci wynikaj\u0105cych z koordynacji opieki oraz potrzeby jej wprowadzenia. Od czasu wyodr\u0119bnienia ekonomiki zdrowia w drugiej po\u0142owie XX wieku i zrozumienia znaczenia licznych, zarysowanych przez Kennetha Arrowa, niepewno\u015bci&nbsp; w kszta\u0142towaniu znanego nam rynku us\u0142ug medycznych, dotarli\u015bmy do pr\u00f3b wdra\u017cania, promowanej przez Michaela Portera, koncepcji Value Based Healthcare.&nbsp; &nbsp;&nbsp;&nbsp;&nbsp;&nbsp;<\/p>\n\n\n\n<p>\u015awiatowa Organizacja Zdrowia przyj\u0119\u0142a w 2015 roku dokument<a href=\"https:\/\/www.who.int\/servicedeliverysafety\/areas\/people-centred-care\/global-strategy\/en\/\" target=\"_blank\" rel=\"noreferrer noopener\"> \u201eWHO global strategy on integrated people-centred health services 2016 \u2013 2026. Placing people and communities at the centre of health services\u201d<\/a>, w kt\u00f3rym, odmiennie ni\u017c uprzednio, wskazano ju\u017c nie pacjenta, lecz cz\u0142owieka i wsp\u00f3lnoty jako podmioty, wok\u00f3\u0142 kt\u00f3rych nale\u017cy budowa\u0107 rozwi\u0105zania opieki.<\/p>\n\n\n\n<p>Zmiana paradygmatu opieki, kt\u00f3ra przekracza, zarysowane dotychczas silosowo, obszary, \u0142amie uznane konwencje XX wiecznej ekonomiki zdrowia oraz ustala nowe wska\u017aniki pomiaru warto\u015bci, sta\u0142a si\u0119 \u015bwiatowym wyzwaniem.<\/p>\n\n\n\n<p>Wygl\u0105da na to, \u017ce wiemy, co wydaje si\u0119 w\u0142a\u015bciwe i w jakim kierunku pod\u0105\u017ca\u0107. Posiadamy w miar\u0119 przyzwoity system wymiany do\u015bwiadcze\u0144 \u2013 tak\u017ce dzi\u0119ki dzia\u0142aj\u0105cej od 20 lat <a href=\"https:\/\/integratedcarefoundation.org\/\" target=\"_blank\" rel=\"noreferrer noopener\">International Foundation for Integrated Care<\/a>. Podejmujemy r\u00f3wnie\u017c liczne projekty testuj\u0105ce koordynacje opieki, to dlaczego nie do\u015bwiadczamy istotnej w odczuciu spo\u0142ecznym zmiany ?<\/p>\n\n\n\n<p>Wydaje si\u0119, \u017ce kluczowym czynnikiem dla wyst\u0105pienia tej zmiany jest dojrza\u0142e przyw\u00f3dztwo, przekonane o jej warto\u015bci i gotowe do przyj\u0119cia ryzyka zwi\u0105zanego z transformacj\u0105 system\u00f3w zdrowia i opieki.<\/p>\n\n\n\n<p>Mamy okazj\u0119 przygl\u0105da\u0107 si\u0119 szkockim rozwi\u0105zaniom, kt\u00f3re od kilkunastu lat konsekwentnie przygotowywane, testowe i wdra\u017cane, doprowadzi\u0142y nie tylko do ustawowego po\u0142\u0105czenia system\u00f3w zdrowia i opieki, ale, co wa\u017cniejsze, buduj\u0105 ca\u0142kowicie nowy powszechnie akceptowany ekosystem oparty na przywo\u0142anym wy\u017cej paradygmacie. Tam stabilnie funkcjonuj\u0105ca instytucja publiczna \u2013 <a rel=\"noreferrer noopener\" href=\"https:\/\/www.scot.nhs.uk\/\" target=\"_blank\">NHS Scotland<\/a> \u2013 wraz z ca\u0142ym konglomeratem innych wsp\u00f3\u0142dzia\u0142aj\u0105cych organizacji, jest w stanie przygotowa\u0107 i wesprze\u0107 polityk\u00f3w w taki spos\u00f3b, aby nie forsowali niedojrza\u0142ych projekt\u00f3w, kt\u00f3re zaburzy\u0142yby, budowany na solidnych podstawach, nowy model opieki.&nbsp;&nbsp;&nbsp; &nbsp;<\/p>\n\n\n\n<p>Uwa\u017camy, \u017ce kluczem do dokonania w Polsce tej koniecznej, lecz trudnej zmiany, jest przygotowanie, nie tylko odpowiednich rozwi\u0105za\u0144 i modeli, ale przede wszystkim takiego przyw\u00f3dztwa politycznego, kt\u00f3re uzna, \u017ce transformacja systemu zdrowia, uwzgl\u0119dniaj\u0105ca istotne elementy integracji opieki, daje mu znacz\u0105c\u0105 szans\u0119 na sukces wyborczy. Przyw\u00f3dztwa, kt\u00f3re b\u0119dzie mog\u0142o, jako jedno z wyzwa\u0144 wpisa\u0107 do swojego programu \u2013 Integracja opieki, g\u0142upcze!<\/p>\n\n\n\n<p>Organizuj\u0105c od 2016 roku Forum e-Zdrowia, uwa\u017camy, \u017ce zastosowanie cyfrowych rozwi\u0105za\u0144 i narz\u0119dzi pozwalaj\u0105cych na zbieranie i analiz\u0119 danych, wspieraj\u0105cych przygotowanie plan\u00f3w opieki oraz zapewnienia jej ci\u0105g\u0142o\u015bci mo\u017ce znacz\u0105co u\u0142atwia\u0107 integracj\u0119 opieki. Wymaga to jednak od podmiot\u00f3w wprowadzaj\u0105cych zmian\u0119 zrozumienia i przyj\u0119cia do polskiego ekosystemu dorobku organizacji, kt\u00f3re od lat rozwi\u0105zuj\u0105 rzeczywiste problemy systemu zdrowia, z uwagi na jego z\u0142o\u017cono\u015b\u0107, cz\u0119sto odwo\u0142uj\u0105c si\u0119 do poj\u0119cia \u201euse case\u201d.<\/p>\n\n\n\n<p>Do\u015bwiadczenia i propozycje Healthcare Information and Management Systems Society (<a href=\"https:\/\/www.himss.org\/\" target=\"_blank\" rel=\"noreferrer noopener\">HIMSS<\/a>), Integrating the Healthcare Enterprise (<a href=\"https:\/\/www.ihe.net\/\" target=\"_blank\" rel=\"noreferrer noopener\">IHE<\/a>), International Foundation for Integrated Care (<a href=\"https:\/\/integratedcarefoundation.org\/\" target=\"_blank\" rel=\"noreferrer noopener\">IFIC<\/a>) oraz innych \u015bwiatowych wektor\u00f3w transformacji&nbsp; s\u0105 dla nas nie tylko inspiracj\u0105, ale przede wszystkim szans\u0105 na omini\u0119cie raf, kt\u00f3re wcze\u015bniej zosta\u0142y rozpoznane. Uwa\u017camy, \u017ce szkoda naszych zasob\u00f3w na rozwi\u0105zywanie problem\u00f3w, z kt\u00f3rymi inni ju\u017c sobie poradzili.&nbsp;&nbsp;&nbsp;&nbsp;&nbsp;&nbsp;&nbsp;<\/p>\n\n\n\n<p>B\u0119dziemy wspiera\u0107 wszystkich, kt\u00f3rzy wyra\u017caj\u0105 gotowo\u015b\u0107, do opartej o mierzalne rezultaty, transformacji systemu zdrowia lub jego poszczeg\u00f3lnych element\u00f3w.&nbsp; Zapraszamy Pa\u0144stwa do dyskusji i publikacji na \u0142amach tej, cyfrowej ods\u0142ony, Forum e-Zdrowia. Dyskusji, kt\u00f3rej celem jest doprowadzenie do zmiany, kt\u00f3ra w istotny spos\u00f3b poprawi polski system zdrowia dzi\u0119ki rozwi\u0105zaniom zintegrowanej opieki.<\/p>\n","protected":false},"excerpt":{"rendered":"<p>Kluczem do dokonania trudnej transformacji systemu zdrowia w Polsce jest przygotowanie takiego przyw\u00f3dztwa politycznego, kt\u00f3re uzna, \u017ce zmiana daje mu szans\u0119 na sukces wyborczy \u2013 pisze Piotr Popowski<\/p>\n","protected":false},"author":5,"featured_media":1102,"template":"","tags":[39,40,41,42,43,44],"opinie-category":[45],"class_list":["post-573","opinie","type-opinie","status-publish","has-post-thumbnail","hentry","tag-system","tag-integracja-opieki","tag-zintegrowana-opieka-zdrowotna","tag-ific","tag-himss","tag-ihe","opinie-category-opinie"],"acf":[],"yoast_head":"<!-- This site is optimized with the Yoast SEO plugin v23.1 - https:\/\/yoast.com\/wordpress\/plugins\/seo\/ -->\n<title>Integracja opieki, g\u0142upcze! - Info e-Zdrowie<\/title>\n<meta name=\"robots\" content=\"index, follow, max-snippet:-1, max-image-preview:large, max-video-preview:-1\" \/>\n<link rel=\"canonical\" href=\"https:\/\/forumezdrowia.pl\/info\/opinie\/integracja-opieki-glupcze\/\" \/>\n<meta property=\"og:locale\" content=\"en_US\" \/>\n<meta property=\"og:type\" content=\"article\" \/>\n<meta property=\"og:title\" content=\"Integracja opieki, g\u0142upcze! - Info e-Zdrowie\" \/>\n<meta property=\"og:description\" content=\"Kluczem do dokonania trudnej transformacji systemu zdrowia w Polsce jest przygotowanie takiego przyw\u00f3dztwa politycznego, kt\u00f3re uzna, \u017ce zmiana daje mu szans\u0119 na sukces wyborczy \u2013 pisze Piotr Popowski\" \/>\n<meta property=\"og:url\" content=\"https:\/\/forumezdrowia.pl\/info\/opinie\/integracja-opieki-glupcze\/\" \/>\n<meta property=\"og:site_name\" content=\"Info e-Zdrowie\" \/>\n<meta property=\"article:modified_time\" content=\"2021-03-19T11:28:21+00:00\" \/>\n<meta property=\"og:image\" content=\"https:\/\/forumezdrowia.pl\/info\/wp-content\/uploads\/2020\/06\/zintegrowana_opieka-grafika_06.2020.jpg\" \/>\n\t<meta property=\"og:image:width\" content=\"1920\" \/>\n\t<meta property=\"og:image:height\" content=\"1309\" \/>\n\t<meta property=\"og:image:type\" content=\"image\/jpeg\" \/>\n<meta name=\"twitter:card\" content=\"summary_large_image\" \/>\n<meta name=\"twitter:label1\" content=\"Est. reading time\" \/>\n\t<meta name=\"twitter:data1\" content=\"4 minutes\" \/>\n<script type=\"application\/ld+json\" class=\"yoast-schema-graph\">{\"@context\":\"https:\/\/schema.org\",\"@graph\":[{\"@type\":\"WebPage\",\"@id\":\"https:\/\/forumezdrowia.pl\/info\/opinie\/integracja-opieki-glupcze\/\",\"url\":\"https:\/\/forumezdrowia.pl\/info\/opinie\/integracja-opieki-glupcze\/\",\"name\":\"Integracja opieki, g\u0142upcze! - Info e-Zdrowie\",\"isPartOf\":{\"@id\":\"https:\/\/forumezdrowia.pl\/info\/#website\"},\"primaryImageOfPage\":{\"@id\":\"https:\/\/forumezdrowia.pl\/info\/opinie\/integracja-opieki-glupcze\/#primaryimage\"},\"image\":{\"@id\":\"https:\/\/forumezdrowia.pl\/info\/opinie\/integracja-opieki-glupcze\/#primaryimage\"},\"thumbnailUrl\":\"http:\/\/forumezdrowia.pl\/info\/wp-content\/uploads\/2020\/06\/zintegrowana_opieka-grafika_06.2020.jpg\",\"datePublished\":\"2020-05-22T09:47:20+00:00\",\"dateModified\":\"2021-03-19T11:28:21+00:00\",\"breadcrumb\":{\"@id\":\"https:\/\/forumezdrowia.pl\/info\/opinie\/integracja-opieki-glupcze\/#breadcrumb\"},\"inLanguage\":\"en-US\",\"potentialAction\":[{\"@type\":\"ReadAction\",\"target\":[\"https:\/\/forumezdrowia.pl\/info\/opinie\/integracja-opieki-glupcze\/\"]}]},{\"@type\":\"ImageObject\",\"inLanguage\":\"en-US\",\"@id\":\"https:\/\/forumezdrowia.pl\/info\/opinie\/integracja-opieki-glupcze\/#primaryimage\",\"url\":\"http:\/\/forumezdrowia.pl\/info\/wp-content\/uploads\/2020\/06\/zintegrowana_opieka-grafika_06.2020.jpg\",\"contentUrl\":\"http:\/\/forumezdrowia.pl\/info\/wp-content\/uploads\/2020\/06\/zintegrowana_opieka-grafika_06.2020.jpg\",\"width\":1920,\"height\":1309},{\"@type\":\"BreadcrumbList\",\"@id\":\"https:\/\/forumezdrowia.pl\/info\/opinie\/integracja-opieki-glupcze\/#breadcrumb\",\"itemListElement\":[{\"@type\":\"ListItem\",\"position\":1,\"name\":\"Strona g\u0142\u00f3wna\",\"item\":\"https:\/\/forumezdrowia.pl\/info\/\"},{\"@type\":\"ListItem\",\"position\":2,\"name\":\"Opinie i Analizy\",\"item\":\"https:\/\/forumezdrowia.pl\/info\/opinie\/\"},{\"@type\":\"ListItem\",\"position\":3,\"name\":\"Opinie\",\"item\":\"https:\/\/forumezdrowia.pl\/info\/opinie-category\/opinie\/\"},{\"@type\":\"ListItem\",\"position\":4,\"name\":\"Integracja opieki, g\u0142upcze!\"}]},{\"@type\":\"WebSite\",\"@id\":\"https:\/\/forumezdrowia.pl\/info\/#website\",\"url\":\"https:\/\/forumezdrowia.pl\/info\/\",\"name\":\"Info e-Zdrowie\",\"description\":\"Cyfrowa transformacja w obszarze zdrowia\",\"potentialAction\":[{\"@type\":\"SearchAction\",\"target\":{\"@type\":\"EntryPoint\",\"urlTemplate\":\"https:\/\/forumezdrowia.pl\/info\/?s={search_term_string}\"},\"query-input\":\"required name=search_term_string\"}],\"inLanguage\":\"en-US\"}]}<\/script>\n<!-- \/ Yoast SEO plugin. -->","yoast_head_json":{"title":"Integracja opieki, g\u0142upcze! - Info e-Zdrowie","robots":{"index":"index","follow":"follow","max-snippet":"max-snippet:-1","max-image-preview":"max-image-preview:large","max-video-preview":"max-video-preview:-1"},"canonical":"https:\/\/forumezdrowia.pl\/info\/opinie\/integracja-opieki-glupcze\/","og_locale":"en_US","og_type":"article","og_title":"Integracja opieki, g\u0142upcze! - Info e-Zdrowie","og_description":"Kluczem do dokonania trudnej transformacji systemu zdrowia w Polsce jest przygotowanie takiego przyw\u00f3dztwa politycznego, kt\u00f3re uzna, \u017ce zmiana daje mu szans\u0119 na sukces wyborczy \u2013 pisze Piotr Popowski","og_url":"https:\/\/forumezdrowia.pl\/info\/opinie\/integracja-opieki-glupcze\/","og_site_name":"Info e-Zdrowie","article_modified_time":"2021-03-19T11:28:21+00:00","og_image":[{"width":1920,"height":1309,"url":"https:\/\/forumezdrowia.pl\/info\/wp-content\/uploads\/2020\/06\/zintegrowana_opieka-grafika_06.2020.jpg","type":"image\/jpeg"}],"twitter_card":"summary_large_image","twitter_misc":{"Est. reading time":"4 minutes"},"schema":{"@context":"https:\/\/schema.org","@graph":[{"@type":"WebPage","@id":"https:\/\/forumezdrowia.pl\/info\/opinie\/integracja-opieki-glupcze\/","url":"https:\/\/forumezdrowia.pl\/info\/opinie\/integracja-opieki-glupcze\/","name":"Integracja opieki, g\u0142upcze! - Info e-Zdrowie","isPartOf":{"@id":"https:\/\/forumezdrowia.pl\/info\/#website"},"primaryImageOfPage":{"@id":"https:\/\/forumezdrowia.pl\/info\/opinie\/integracja-opieki-glupcze\/#primaryimage"},"image":{"@id":"https:\/\/forumezdrowia.pl\/info\/opinie\/integracja-opieki-glupcze\/#primaryimage"},"thumbnailUrl":"http:\/\/forumezdrowia.pl\/info\/wp-content\/uploads\/2020\/06\/zintegrowana_opieka-grafika_06.2020.jpg","datePublished":"2020-05-22T09:47:20+00:00","dateModified":"2021-03-19T11:28:21+00:00","breadcrumb":{"@id":"https:\/\/forumezdrowia.pl\/info\/opinie\/integracja-opieki-glupcze\/#breadcrumb"},"inLanguage":"en-US","potentialAction":[{"@type":"ReadAction","target":["https:\/\/forumezdrowia.pl\/info\/opinie\/integracja-opieki-glupcze\/"]}]},{"@type":"ImageObject","inLanguage":"en-US","@id":"https:\/\/forumezdrowia.pl\/info\/opinie\/integracja-opieki-glupcze\/#primaryimage","url":"http:\/\/forumezdrowia.pl\/info\/wp-content\/uploads\/2020\/06\/zintegrowana_opieka-grafika_06.2020.jpg","contentUrl":"http:\/\/forumezdrowia.pl\/info\/wp-content\/uploads\/2020\/06\/zintegrowana_opieka-grafika_06.2020.jpg","width":1920,"height":1309},{"@type":"BreadcrumbList","@id":"https:\/\/forumezdrowia.pl\/info\/opinie\/integracja-opieki-glupcze\/#breadcrumb","itemListElement":[{"@type":"ListItem","position":1,"name":"Strona g\u0142\u00f3wna","item":"https:\/\/forumezdrowia.pl\/info\/"},{"@type":"ListItem","position":2,"name":"Opinie i Analizy","item":"https:\/\/forumezdrowia.pl\/info\/opinie\/"},{"@type":"ListItem","position":3,"name":"Opinie","item":"https:\/\/forumezdrowia.pl\/info\/opinie-category\/opinie\/"},{"@type":"ListItem","position":4,"name":"Integracja opieki, g\u0142upcze!"}]},{"@type":"WebSite","@id":"https:\/\/forumezdrowia.pl\/info\/#website","url":"https:\/\/forumezdrowia.pl\/info\/","name":"Info e-Zdrowie","description":"Cyfrowa transformacja w obszarze zdrowia","potentialAction":[{"@type":"SearchAction","target":{"@type":"EntryPoint","urlTemplate":"https:\/\/forumezdrowia.pl\/info\/?s={search_term_string}"},"query-input":"required name=search_term_string"}],"inLanguage":"en-US"}]}},"_links":{"self":[{"href":"http:\/\/forumezdrowia.pl\/info\/wp-json\/wp\/v2\/opinie\/573"}],"collection":[{"href":"http:\/\/forumezdrowia.pl\/info\/wp-json\/wp\/v2\/opinie"}],"about":[{"href":"http:\/\/forumezdrowia.pl\/info\/wp-json\/wp\/v2\/types\/opinie"}],"author":[{"embeddable":true,"href":"http:\/\/forumezdrowia.pl\/info\/wp-json\/wp\/v2\/users\/5"}],"version-history":[{"count":12,"href":"http:\/\/forumezdrowia.pl\/info\/wp-json\/wp\/v2\/opinie\/573\/revisions"}],"predecessor-version":[{"id":3170,"href":"http:\/\/forumezdrowia.pl\/info\/wp-json\/wp\/v2\/opinie\/573\/revisions\/3170"}],"wp:featuredmedia":[{"embeddable":true,"href":"http:\/\/forumezdrowia.pl\/info\/wp-json\/wp\/v2\/media\/1102"}],"wp:attachment":[{"href":"http:\/\/forumezdrowia.pl\/info\/wp-json\/wp\/v2\/media?parent=573"}],"wp:term":[{"taxonomy":"post_tag","embeddable":true,"href":"http:\/\/forumezdrowia.pl\/info\/wp-json\/wp\/v2\/tags?post=573"},{"taxonomy":"opinie-category","embeddable":true,"href":"http:\/\/forumezdrowia.pl\/info\/wp-json\/wp\/v2\/opinie-category?post=573"}],"curies":[{"name":"wp","href":"https:\/\/api.w.org\/{rel}","templated":true}]}}